{"id":7944,"date":"2024-05-07T06:43:11","date_gmt":"2024-05-07T06:43:11","guid":{"rendered":"https:\/\/www.produccionornamental.com\/produits-catalogue\/arbres-fruitiers-et-mediterranee\/figuier-ficus-carica\/"},"modified":"2024-05-07T06:47:05","modified_gmt":"2024-05-07T06:47:05","slug":"figuier-ficus-carica","status":"publish","type":"page","link":"https:\/\/www.produccionornamental.com\/fr\/produits-catalogue\/arbres-fruitiers-et-mediterranee\/figuier-ficus-carica\/","title":{"rendered":"Figuier (Ficus Carica)"},"content":{"rendered":"\t\t<div data-elementor-type=\"wp-page\" data-elementor-id=\"7944\" class=\"elementor elementor-7944 elementor-6015\" data-elementor-post-type=\"page\">\n\t\t\t\t\t\t<section class=\"elementor-section elementor-top-section elementor-element elementor-element-26c57d17 elementor-section-full_width elementor-hidden-mobile elementor-section-height-default elementor-section-height-default parallax_section_no qode_elementor_container_no\" data-id=\"26c57d17\" data-element_type=\"section\" data-e-type=\"section\" data-settings=\"{&quot;background_background&quot;:&quot;classic&quot;}\">\n\t\t\t\t\t\t<div class=\"elementor-container elementor-column-gap-default\">\n\t\t\t\t\t<div class=\"elementor-column elementor-col-50 elementor-top-column elementor-element elementor-element-714c26d3\" data-id=\"714c26d3\" data-element_type=\"column\" data-e-type=\"column\">\n\t\t\t<div class=\"elementor-widget-wrap elementor-element-populated\">\n\t\t\t\t\t\t<div class=\"elementor-element elementor-element-9808595 elementor-widget elementor-widget-image\" data-id=\"9808595\" data-element_type=\"widget\" data-e-type=\"widget\" data-widget_type=\"image.default\">\n\t\t\t\t<div class=\"elementor-widget-container\">\n\t\t\t\t\t\t\t\t\t\t\t\t\t\t\t\t<a href=\"https:\/\/www.produccionornamental.com\/fr\/\">\n\t\t\t\t\t\t\t<img decoding=\"async\" width=\"250\" height=\"93\" src=\"https:\/\/www.produccionornamental.com\/wp-content\/uploads\/2023\/05\/Logo_New_POM_web_250x93-2.png\" class=\"attachment-large size-large wp-image-2340\" alt=\"\" \/>\t\t\t\t\t\t\t\t<\/a>\n\t\t\t\t\t\t\t\t\t\t\t\t\t\t\t<\/div>\n\t\t\t\t<\/div>\n\t\t\t\t\t<\/div>\n\t\t<\/div>\n\t\t\t\t<div class=\"elementor-column elementor-col-50 elementor-top-column elementor-element elementor-element-400056c3\" data-id=\"400056c3\" data-element_type=\"column\" data-e-type=\"column\">\n\t\t\t<div class=\"elementor-widget-wrap elementor-element-populated\">\n\t\t\t\t\t\t<div class=\"elementor-element elementor-element-4ecee62f elementor-widget elementor-widget-spacer\" data-id=\"4ecee62f\" data-element_type=\"widget\" data-e-type=\"widget\" data-widget_type=\"spacer.default\">\n\t\t\t\t<div class=\"elementor-widget-container\">\n\t\t\t\t\t\t\t<div class=\"elementor-spacer\">\n\t\t\t<div class=\"elementor-spacer-inner\"><\/div>\n\t\t<\/div>\n\t\t\t\t\t\t<\/div>\n\t\t\t\t<\/div>\n\t\t\t\t\t<\/div>\n\t\t<\/div>\n\t\t\t\t\t<\/div>\n\t\t<\/section>\n\t\t\t\t<section class=\"elementor-section elementor-top-section elementor-element elementor-element-2fdafea7 elementor-section-boxed elementor-section-height-default elementor-section-height-default parallax_section_no qode_elementor_container_no\" data-id=\"2fdafea7\" data-element_type=\"section\" data-e-type=\"section\">\n\t\t\t\t\t\t<div class=\"elementor-container elementor-column-gap-default\">\n\t\t\t\t\t<div class=\"elementor-column elementor-col-100 elementor-top-column elementor-element elementor-element-6092d97\" data-id=\"6092d97\" data-element_type=\"column\" data-e-type=\"column\">\n\t\t\t<div class=\"elementor-widget-wrap elementor-element-populated\">\n\t\t\t\t\t\t<div class=\"elementor-element elementor-element-daa0ca3 elementor-align-left elementor-widget elementor-widget-breadcrumbs\" data-id=\"daa0ca3\" data-element_type=\"widget\" data-e-type=\"widget\" data-widget_type=\"breadcrumbs.default\">\n\t\t\t\t<div class=\"elementor-widget-container\">\n\t\t\t\t\t<p id=\"breadcrumbs\"><span><span><a href=\"https:\/\/www.produccionornamental.com\/fr\/\">Portada<\/a><\/span><\/span><\/p>\t\t\t\t<\/div>\n\t\t\t\t<\/div>\n\t\t\t\t\t<\/div>\n\t\t<\/div>\n\t\t\t\t\t<\/div>\n\t\t<\/section>\n\t\t\t\t<section class=\"elementor-section elementor-top-section elementor-element elementor-element-fd48c69 elementor-section-boxed elementor-section-height-default elementor-section-height-default parallax_section_no qode_elementor_container_no\" data-id=\"fd48c69\" data-element_type=\"section\" data-e-type=\"section\">\n\t\t\t\t\t\t<div class=\"elementor-container elementor-column-gap-default\">\n\t\t\t\t\t<div class=\"elementor-column elementor-col-50 elementor-top-column elementor-element elementor-element-209c00c6\" data-id=\"209c00c6\" data-element_type=\"column\" data-e-type=\"column\">\n\t\t\t<div class=\"elementor-widget-wrap elementor-element-populated\">\n\t\t\t\t\t\t<div class=\"elementor-element elementor-element-59dea2a0 elementor-skin-slideshow elementor-arrows-yes elementor-widget elementor-widget-media-carousel\" data-id=\"59dea2a0\" data-element_type=\"widget\" data-e-type=\"widget\" data-settings=\"{&quot;skin&quot;:&quot;slideshow&quot;,&quot;slideshow_slides_per_view&quot;:&quot;4&quot;,&quot;effect&quot;:&quot;slide&quot;,&quot;show_arrows&quot;:&quot;yes&quot;,&quot;speed&quot;:500,&quot;autoplay&quot;:&quot;yes&quot;,&quot;autoplay_speed&quot;:5000,&quot;loop&quot;:&quot;yes&quot;,&quot;pause_on_hover&quot;:&quot;yes&quot;,&quot;pause_on_interaction&quot;:&quot;yes&quot;,&quot;space_between&quot;:{&quot;unit&quot;:&quot;px&quot;,&quot;size&quot;:10,&quot;sizes&quot;:[]},&quot;space_between_tablet&quot;:{&quot;unit&quot;:&quot;px&quot;,&quot;size&quot;:10,&quot;sizes&quot;:[]},&quot;space_between_mobile&quot;:{&quot;unit&quot;:&quot;px&quot;,&quot;size&quot;:10,&quot;sizes&quot;:[]}}\" data-widget_type=\"media-carousel.default\">\n\t\t\t\t<div class=\"elementor-widget-container\">\n\t\t\t\t\t\t\t\t\t<div class=\"elementor-swiper\">\n\t\t\t\t\t<div class=\"elementor-main-swiper swiper\" role=\"region\" aria-roledescription=\"carousel\" aria-label=\"Slides\">\n\t\t\t\t<div class=\"swiper-wrapper\">\n\t\t\t\t\t\t\t\t\t\t\t<div class=\"swiper-slide\" role=\"group\" aria-roledescription=\"slide\">\n\t\t\t\t\t\t\t<a href=\"https:\/\/www.produccionornamental.com\/fotoscatalogo\/Planta%20Mediterr%c3%a1nea%20y%20Frutales-20221121T101816Z-001\/Planta%20Mediterr%c3%a1nea%20y%20Frutales\/M00307%20Ficus%20Carica%20285-290L%20Tronco%2070-80cm\/Ficus%20Carica%20285-290L%20Tronco%2070-80cm%201%2005-10-2023%20(VE).jpg\" data-elementor-open-lightbox=\"yes\" data-elementor-lightbox-slideshow=\"59dea2a0\" data-e-action-hash=\"#elementor-action%3Aaction%3Dlightbox%26settings%3DeyJzbGlkZXNob3ciOiI1OWRlYTJhMCJ9\">\t\t<div class=\"elementor-carousel-image\" role=\"img\" aria-label=\"Ficus Carica 285-290L Tronco 70-80cm\" style=\"background-image: url(&#039;https:\/\/www.produccionornamental.com\/fotoscatalogo\/Planta%20Mediterr%c3%a1nea%20y%20Frutales-20221121T101816Z-001\/Planta%20Mediterr%c3%a1nea%20y%20Frutales\/M00307%20Ficus%20Carica%20285-290L%20Tronco%2070-80cm\/Ficus%20Carica%20285-290L%20Tronco%2070-80cm%201%2005-10-2023%20(VE).jpg&#039;)\">\n\n\t\t\t\n\t\t\t\t\t<\/div>\n\t\t<\/a>\t\t\t\t\t\t<\/div>\n\t\t\t\t\t\t\t\t\t\t\t<div class=\"swiper-slide\" role=\"group\" aria-roledescription=\"slide\">\n\t\t\t\t\t\t\t\t\t<div class=\"elementor-carousel-image\" role=\"img\" aria-label=\"M172 Ficus Carica C28 8-10cm (Higuera)\" style=\"background-image: url(&#039;https:\/\/www.produccionornamental.com\/fotoscatalogo\/Planta%20Mediterr%c3%a1nea%20y%20Frutales-20221121T101816Z-001\/Planta%20Mediterr%c3%a1nea%20y%20Frutales\/M00172%20Ficus%20Carica%20C28%208-10cm%20(Higuera)\/M172%20Ficus%20Carica%20C28%208-10cm%20(Higuera).JPG&#039;)\">\n\n\t\t\t\n\t\t\t\t\t<\/div>\n\t\t\t\t\t\t\t\t<\/div>\n\t\t\t\t\t\t\t\t\t\t\t<div class=\"swiper-slide\" role=\"group\" aria-roledescription=\"slide\">\n\t\t\t\t\t\t\t\t\t<div class=\"elementor-carousel-image\" role=\"img\" aria-label=\"Ficus carica C20 BUSH\" style=\"background-image: url(&#039;https:\/\/www.produccionornamental.com\/fotoscatalogo\/Planta%20Mediterr%c3%a1nea%20y%20Frutales-20221121T101816Z-001\/Planta%20Mediterr%c3%a1nea%20y%20Frutales\/M00168%20Ficus%20carica%20C20%20Black%20_%20White\/Ficus%20carica%20C20%20BUSH%201%2006-04-2023.jpeg&#039;)\">\n\n\t\t\t\n\t\t\t\t\t<\/div>\n\t\t\t\t\t\t\t\t<\/div>\n\t\t\t\t\t\t\t\t\t\t\t<div class=\"swiper-slide\" role=\"group\" aria-roledescription=\"slide\">\n\t\t\t\t\t\t\t\t\t<div class=\"elementor-carousel-image\" role=\"img\" aria-label=\"Ficus Carica C25 Tronco 6-8cm\" style=\"background-image: url(&#039;https:\/\/www.produccionornamental.com\/fotoscatalogo\/Planta%20Mediterr%c3%a1nea%20y%20Frutales-20221121T101816Z-001\/Planta%20Mediterr%c3%a1nea%20y%20Frutales\/M00171%20Ficus%20Carica%20C25%206-8cm%20(Higuera)\/Ficus%20Carica%20C25%20Tronco%206-8cm%201%2001-06-2023%20(M).jpeg&#039;)\">\n\n\t\t\t\n\t\t\t\t\t<\/div>\n\t\t\t\t\t\t\t\t<\/div>\n\t\t\t\t\t\t\t\t\t\t\t<div class=\"swiper-slide\" role=\"group\" aria-roledescription=\"slide\">\n\t\t\t\t\t\t\t\t\t<div class=\"elementor-carousel-image\" role=\"img\" aria-label=\"Ficus Carica C20 Mini Copa\" style=\"background-image: url(&#039;https:\/\/www.produccionornamental.com\/fotoscatalogo\/Planta%20Mediterr%c3%a1nea%20y%20Frutales-20221121T101816Z-001\/Planta%20Mediterr%c3%a1nea%20y%20Frutales\/M00156%20Ficus%20Carica%20C20%20Mini%20Copa\/Ficus%20Carica%20C20%20Mini%20Copa%201%2001-06-2023%20(M).jpeg&#039;)\">\n\n\t\t\t\n\t\t\t\t\t<\/div>\n\t\t\t\t\t\t\t\t<\/div>\n\t\t\t\t\t\t\t\t\t<\/div>\n\t\t\t\t\t\t\t\t\t\t\t\t\t\t\t<div class=\"elementor-swiper-button elementor-swiper-button-prev\" role=\"button\" tabindex=\"0\" aria-label=\"Previous\">\n\t\t\t\t\t\t\t<i aria-hidden=\"true\" class=\"eicon-chevron-left\"><\/i>\t\t\t\t\t\t<\/div>\n\t\t\t\t\t\t<div class=\"elementor-swiper-button elementor-swiper-button-next\" role=\"button\" tabindex=\"0\" aria-label=\"Next\">\n\t\t\t\t\t\t\t<i aria-hidden=\"true\" class=\"eicon-chevron-right\"><\/i>\t\t\t\t\t\t<\/div>\n\t\t\t\t\t\t\t\t\t\t\t\t\t\t\t\t\t<\/div>\n\t\t\t\t<\/div>\n\t\t\t\t\t\t\t\t<div class=\"elementor-swiper\">\n\t\t\t\t\t<div class=\"elementor-main-swiper swiper elementor-thumbnails-swiper swiper\" role=\"region region\" aria-roledescription=\"carousel carousel\" aria-label=\"Slides Slides\">\n\t\t\t\t<div class=\"swiper-wrapper\">\n\t\t\t\t\t\t\t\t\t\t\t<div class=\"swiper-slide\" role=\"group\" aria-roledescription=\"slide\">\n\t\t\t\t\t\t\t\t\t<div class=\"elementor-carousel-image\" role=\"img\" aria-label=\"Ficus Carica 285-290L Tronco 70-80cm\" style=\"background-image: url(&#039;https:\/\/www.produccionornamental.com\/fotoscatalogo\/Planta%20Mediterr%c3%a1nea%20y%20Frutales-20221121T101816Z-001\/Planta%20Mediterr%c3%a1nea%20y%20Frutales\/M00307%20Ficus%20Carica%20285-290L%20Tronco%2070-80cm\/Ficus%20Carica%20285-290L%20Tronco%2070-80cm%201%2005-10-2023%20(VE).jpg&#039;)\">\n\n\t\t\t\n\t\t\t\t\t<\/div>\n\t\t<\/a>\t\t\t\t\t\t<\/div>\n\t\t\t\t\t\t\t\t\t\t\t<div class=\"swiper-slide\" role=\"group\" aria-roledescription=\"slide\">\n\t\t\t\t\t\t\t\t\t<div class=\"elementor-carousel-image\" role=\"img\" aria-label=\"M172 Ficus Carica C28 8-10cm (Higuera)\" style=\"background-image: url(&#039;https:\/\/www.produccionornamental.com\/fotoscatalogo\/Planta%20Mediterr%c3%a1nea%20y%20Frutales-20221121T101816Z-001\/Planta%20Mediterr%c3%a1nea%20y%20Frutales\/M00172%20Ficus%20Carica%20C28%208-10cm%20(Higuera)\/M172%20Ficus%20Carica%20C28%208-10cm%20(Higuera).JPG&#039;)\">\n\n\t\t\t\n\t\t\t\t\t<\/div>\n\t\t\t\t\t\t\t\t<\/div>\n\t\t\t\t\t\t\t\t\t\t\t<div class=\"swiper-slide\" role=\"group\" aria-roledescription=\"slide\">\n\t\t\t\t\t\t\t\t\t<div class=\"elementor-carousel-image\" role=\"img\" aria-label=\"Ficus carica C20 BUSH\" style=\"background-image: url(&#039;https:\/\/www.produccionornamental.com\/fotoscatalogo\/Planta%20Mediterr%c3%a1nea%20y%20Frutales-20221121T101816Z-001\/Planta%20Mediterr%c3%a1nea%20y%20Frutales\/M00168%20Ficus%20carica%20C20%20Black%20_%20White\/Ficus%20carica%20C20%20BUSH%201%2006-04-2023.jpeg&#039;)\">\n\n\t\t\t\n\t\t\t\t\t<\/div>\n\t\t\t\t\t\t\t\t<\/div>\n\t\t\t\t\t\t\t\t\t\t\t<div class=\"swiper-slide\" role=\"group\" aria-roledescription=\"slide\">\n\t\t\t\t\t\t\t\t\t<div class=\"elementor-carousel-image\" role=\"img\" aria-label=\"Ficus Carica C25 Tronco 6-8cm\" style=\"background-image: url(&#039;https:\/\/www.produccionornamental.com\/fotoscatalogo\/Planta%20Mediterr%c3%a1nea%20y%20Frutales-20221121T101816Z-001\/Planta%20Mediterr%c3%a1nea%20y%20Frutales\/M00171%20Ficus%20Carica%20C25%206-8cm%20(Higuera)\/Ficus%20Carica%20C25%20Tronco%206-8cm%201%2001-06-2023%20(M).jpeg&#039;)\">\n\n\t\t\t\n\t\t\t\t\t<\/div>\n\t\t\t\t\t\t\t\t<\/div>\n\t\t\t\t\t\t\t\t\t\t\t<div class=\"swiper-slide\" role=\"group\" aria-roledescription=\"slide\">\n\t\t\t\t\t\t\t\t\t<div class=\"elementor-carousel-image\" role=\"img\" aria-label=\"Ficus Carica C20 Mini Copa\" style=\"background-image: url(&#039;https:\/\/www.produccionornamental.com\/fotoscatalogo\/Planta%20Mediterr%c3%a1nea%20y%20Frutales-20221121T101816Z-001\/Planta%20Mediterr%c3%a1nea%20y%20Frutales\/M00156%20Ficus%20Carica%20C20%20Mini%20Copa\/Ficus%20Carica%20C20%20Mini%20Copa%201%2001-06-2023%20(M).jpeg&#039;)\">\n\n\t\t\t\n\t\t\t\t\t<\/div>\n\t\t\t\t\t\t\t\t<\/div>\n\t\t\t\t\t\t\t\t\t<\/div>\n\t\t\t\t\t\t\t\t\t\t\t\t\t\t\t\t\t\t\t\t\t<\/div>\n\t\t\t\t<\/div>\n\t\t\t\t\t\t\t\t<\/div>\n\t\t\t\t<\/div>\n\t\t\t\t\t<\/div>\n\t\t<\/div>\n\t\t\t\t<div class=\"elementor-column elementor-col-50 elementor-top-column elementor-element elementor-element-1b3bf063\" data-id=\"1b3bf063\" data-element_type=\"column\" data-e-type=\"column\">\n\t\t\t<div class=\"elementor-widget-wrap elementor-element-populated\">\n\t\t\t\t\t\t<div class=\"elementor-element elementor-element-269b5d67 elementor-widget elementor-widget-heading\" data-id=\"269b5d67\" data-element_type=\"widget\" data-e-type=\"widget\" data-widget_type=\"heading.default\">\n\t\t\t\t<div class=\"elementor-widget-container\">\n\t\t\t\t\t<h2 class=\"elementor-heading-title elementor-size-default\">Description<\/h2>\t\t\t\t<\/div>\n\t\t\t\t<\/div>\n\t\t\t\t<div class=\"elementor-element elementor-element-23c1e886 elementor-widget elementor-widget-text-editor\" data-id=\"23c1e886\" data-element_type=\"widget\" data-e-type=\"widget\" data-widget_type=\"text-editor.default\">\n\t\t\t\t<div class=\"elementor-widget-container\">\n\t\t\t\t\t\t\t\t\t<p><span style=\"font-weight: 400;\">Le Ficus carica, commun\u00e9ment appel\u00e9 <strong>figuier<\/strong>, est un arbre fruitier appartenant \u00e0 la famille des <a href=\"https:\/\/es.wikipedia.org\/wiki\/Moraceae\">Moraceae<\/a>. Originaire de la r\u00e9gion m\u00e9diterran\u00e9enne, la figue est cultiv\u00e9e depuis des si\u00e8cles pour ses fruits comestibles et sa valeur ornementale.<\/span><\/p><p><span style=\"font-weight: 400;\"><br><\/span><\/p>\n<p><span style=\"font-weight: 400;\">Le figuier peut atteindre une <strong>hauteur<\/strong> de <strong>3 \u00e0 9 m\u00e8tres<\/strong>, en fonction des conditions de croissance et de la vari\u00e9t\u00e9 sp\u00e9cifique. Le <strong>tronc est g\u00e9n\u00e9ralement court et tordu<\/strong>, avec une \u00e9corce lisse et gris clair. Les branches s&rsquo;\u00e9tendent et s&rsquo;entrelacent, cr\u00e9ant une structure particuli\u00e8re.<\/span><\/p><p><span style=\"font-weight: 400;\"><br><\/span><\/p>\n<p><span style=\"font-weight: 400;\">Les figuiers prosp\u00e8rent dans les <strong>climats chauds et m\u00e9diterran\u00e9ens<\/strong>. Elles peuvent tol\u00e9rer une s\u00e9cheresse mod\u00e9r\u00e9e mais doivent \u00eatre prot\u00e9g\u00e9es contre le gel. Ils sont assez <strong>r\u00e9sistants \u00e0 la s\u00e9cheresse une fois \u00e9tablis<\/strong>, mais un arrosage r\u00e9gulier est b\u00e9n\u00e9fique pour la production de fruits.<\/span><\/p>\t\t\t\t\t\t\t\t<\/div>\n\t\t\t\t<\/div>\n\t\t\t\t<div class=\"elementor-element elementor-element-522555a9 elementor-widget elementor-widget-heading\" data-id=\"522555a9\" data-element_type=\"widget\" data-e-type=\"widget\" data-widget_type=\"heading.default\">\n\t\t\t\t<div class=\"elementor-widget-container\">\n\t\t\t\t\t<h2 class=\"elementor-heading-title elementor-size-default\">Commerce de gros de Ficus Carica en Espagne<\/h2>\t\t\t\t<\/div>\n\t\t\t\t<\/div>\n\t\t\t\t<div class=\"elementor-element elementor-element-6eb9c28f elementor-widget elementor-widget-text-editor\" data-id=\"6eb9c28f\" data-element_type=\"widget\" data-e-type=\"widget\" data-widget_type=\"text-editor.default\">\n\t\t\t\t<div class=\"elementor-widget-container\">\n\t\t\t\t\t\t\t\t\t<p><span style=\"font-weight: 400;\">Dans notre p\u00e9pini\u00e8re, nous sommes fiers de proposer une large gamme de <strong>formats et de tailles de figuiers (ficus carica<\/strong> ) de haute qualit\u00e9 pour r\u00e9pondre aux besoins de nos clients grossistes. Nous nous engageons \u00e0 fournir des produits exceptionnels et un service professionnel afin de garantir la satisfaction de nos clients.<\/span><\/p><p><span style=\"font-weight: 400;\"><br><\/span><\/p>\n<p><\/p>\n<ul>\n<li><span style=\"font-weight: 400;\"><strong>Formats<\/strong>: couronne ou buisson<\/span><\/li>\n<li><span style=\"font-weight: 400;\"><strong>Tailles<\/strong>: Bocal 20 cm, Pots (de 20 \u00e0 45 cm)<\/span><\/li>\n<\/ul><div><br><\/div>\n<p><span style=\"font-weight: 400;\">Disponible toute l&rsquo;ann\u00e9e. Selon le format, il peut \u00eatre <strong>transport\u00e9<\/strong> sur des chariots, des palettes ou en vrac selon les besoins du client\u00a0\u00bb.<\/span><\/p><p><span style=\"font-weight: 400;\"><br><\/span><\/p>\n<p><\/p>\n<p><span style=\"font-weight: 400;\"><strong>Vous cherchez un fournisseur de ficus carica ?<\/strong>  Prenez contact avec nous !<\/span><\/p>\t\t\t\t\t\t\t\t<\/div>\n\t\t\t\t<\/div>\n\t\t\t\t<div class=\"elementor-element elementor-element-4290d37a elementor-align-center elementor-widget elementor-widget-button\" data-id=\"4290d37a\" data-element_type=\"widget\" data-e-type=\"widget\" data-widget_type=\"button.default\">\n\t\t\t\t<div class=\"elementor-widget-container\">\n\t\t\t\t\t\t\t\t\t<div class=\"elementor-button-wrapper\">\n\t\t\t\t\t<a class=\"elementor-button elementor-button-link elementor-size-sm\" href=\"#contacto\">\n\t\t\t\t\t\t<span class=\"elementor-button-content-wrapper\">\n\t\t\t\t\t\t\t\t\t<span class=\"elementor-button-text\">V\u00e9rifier la disponibilit\u00e9<\/span>\n\t\t\t\t\t<\/span>\n\t\t\t\t\t<\/a>\n\t\t\t\t<\/div>\n\t\t\t\t\t\t\t\t<\/div>\n\t\t\t\t<\/div>\n\t\t\t\t\t<\/div>\n\t\t<\/div>\n\t\t\t\t\t<\/div>\n\t\t<\/section>\n\t\t\t\t<section class=\"elementor-section elementor-top-section elementor-element elementor-element-4f438bc0 elementor-section-boxed elementor-section-height-default elementor-section-height-default parallax_section_no qode_elementor_container_no\" data-id=\"4f438bc0\" data-element_type=\"section\" data-e-type=\"section\">\n\t\t\t\t\t\t<div class=\"elementor-container elementor-column-gap-default\">\n\t\t\t\t\t<div class=\"elementor-column elementor-col-100 elementor-top-column elementor-element elementor-element-7dc2b3a4\" data-id=\"7dc2b3a4\" data-element_type=\"column\" data-e-type=\"column\">\n\t\t\t<div class=\"elementor-widget-wrap elementor-element-populated\">\n\t\t\t\t\t\t<div class=\"elementor-element elementor-element-9c3691 elementor-widget elementor-widget-menu-anchor\" data-id=\"9c3691\" data-element_type=\"widget\" data-e-type=\"widget\" data-widget_type=\"menu-anchor.default\">\n\t\t\t\t<div class=\"elementor-widget-container\">\n\t\t\t\t\t\t\t<div class=\"elementor-menu-anchor\" id=\"contact\"><\/div>\n\t\t\t\t\t\t<\/div>\n\t\t\t\t<\/div>\n\t\t\t\t<div class=\"elementor-element elementor-element-bf7195e elementor-widget elementor-widget-heading\" data-id=\"bf7195e\" data-element_type=\"widget\" data-e-type=\"widget\" data-widget_type=\"heading.default\">\n\t\t\t\t<div class=\"elementor-widget-container\">\n\t\t\t\t\t<h3 class=\"elementor-heading-title elementor-size-default\">Demander plus d'informations<\/h3>\t\t\t\t<\/div>\n\t\t\t\t<\/div>\n\t\t\t\t<section class=\"elementor-section elementor-inner-section elementor-element elementor-element-b3511b3 elementor-section-boxed elementor-section-height-default elementor-section-height-default parallax_section_no qode_elementor_container_no\" data-id=\"b3511b3\" data-element_type=\"section\" data-e-type=\"section\">\n\t\t\t\t\t\t<div class=\"elementor-container elementor-column-gap-default\">\n\t\t\t\t\t<div class=\"elementor-column elementor-col-50 elementor-inner-column elementor-element elementor-element-4e749029\" data-id=\"4e749029\" data-element_type=\"column\" data-e-type=\"column\">\n\t\t\t<div class=\"elementor-widget-wrap elementor-element-populated\">\n\t\t\t\t\t\t<div class=\"elementor-element elementor-element-42a19be5 elementor-widget elementor-widget-heading\" data-id=\"42a19be5\" data-element_type=\"widget\" data-e-type=\"widget\" data-widget_type=\"heading.default\">\n\t\t\t\t<div class=\"elementor-widget-container\">\n\t\t\t\t\t<h2 class=\"elementor-heading-title elementor-size-default\">Contact<\/h2>\t\t\t\t<\/div>\n\t\t\t\t<\/div>\n\t\t\t\t<div class=\"elementor-element elementor-element-2a37d833 elementor-align-start elementor-icon-list--layout-traditional elementor-list-item-link-full_width elementor-widget elementor-widget-icon-list\" data-id=\"2a37d833\" data-element_type=\"widget\" data-e-type=\"widget\" data-widget_type=\"icon-list.default\">\n\t\t\t\t<div class=\"elementor-widget-container\">\n\t\t\t\t\t\t\t<ul class=\"elementor-icon-list-items\">\n\t\t\t\t\t\t\t<li class=\"elementor-icon-list-item\">\n\t\t\t\t\t\t\t\t\t\t\t<a href=\"tel:+34950109922\">\n\n\t\t\t\t\t\t\t\t\t\t\t\t<span class=\"elementor-icon-list-icon\">\n\t\t\t\t\t\t\t<i aria-hidden=\"true\" class=\"fas fa-phone-alt\"><\/i>\t\t\t\t\t\t<\/span>\n\t\t\t\t\t\t\t\t\t\t<span class=\"elementor-icon-list-text\">00 34 950 109 922<\/span>\n\t\t\t\t\t\t\t\t\t\t\t<\/a>\n\t\t\t\t\t\t\t\t\t<\/li>\n\t\t\t\t\t\t\t\t<li class=\"elementor-icon-list-item\">\n\t\t\t\t\t\t\t\t\t\t\t<a href=\"https:\/\/www.google.com\/maps\/dir\/\/produccion+ornamental\/data=!4m6!4m5!1m1!4e2!1m2!1m1!1s0xd704294a74b02b1:0xfbf476ed376c84fd?sa=X&#038;ved=2ahUKEwjAwM6LiYH-AhUi_7sIHYqmAwgQ9Rd6BAh5EAU\">\n\n\t\t\t\t\t\t\t\t\t\t\t\t<span class=\"elementor-icon-list-icon\">\n\t\t\t\t\t\t\t<i aria-hidden=\"true\" class=\"fas fa-map-marker-alt\"><\/i>\t\t\t\t\t\t<\/span>\n\t\t\t\t\t\t\t\t\t\t<span class=\"elementor-icon-list-text\">Paraje Galianilla, 04700, El Ejido, Almer\u00eda, Espagne<\/span>\n\t\t\t\t\t\t\t\t\t\t\t<\/a>\n\t\t\t\t\t\t\t\t\t<\/li>\n\t\t\t\t\t\t\t\t<li class=\"elementor-icon-list-item\">\n\t\t\t\t\t\t\t\t\t\t\t<a href=\"mailto:info@produccionornamental.com\">\n\n\t\t\t\t\t\t\t\t\t\t\t\t<span class=\"elementor-icon-list-icon\">\n\t\t\t\t\t\t\t<i aria-hidden=\"true\" class=\"fas fa-envelope\"><\/i>\t\t\t\t\t\t<\/span>\n\t\t\t\t\t\t\t\t\t\t<span class=\"elementor-icon-list-text\">info@produccionornamental.com<\/span>\n\t\t\t\t\t\t\t\t\t\t\t<\/a>\n\t\t\t\t\t\t\t\t\t<\/li>\n\t\t\t\t\t\t<\/ul>\n\t\t\t\t\t\t<\/div>\n\t\t\t\t<\/div>\n\t\t\t\t<div class=\"elementor-element elementor-element-6eb2eed0 elementor-widget elementor-widget-google_maps\" data-id=\"6eb2eed0\" data-element_type=\"widget\" data-e-type=\"widget\" data-widget_type=\"google_maps.default\">\n\t\t\t\t<div class=\"elementor-widget-container\">\n\t\t\t\t\t\t\t<div class=\"elementor-custom-embed\">\n\t\t\t<iframe loading=\"lazy\"\n\t\t\t\t\tsrc=\"https:\/\/maps.google.com\/maps?q=Vivero%20Producci%C3%B3n%20Ornamental%20Mediterr%C3%A1neo&#038;t=m&#038;z=10&#038;output=embed&#038;iwloc=near\"\n\t\t\t\t\ttitle=\"Vivero Producci\u00f3n Ornamental Mediterr\u00e1neo\"\n\t\t\t\t\taria-label=\"Vivero Producci\u00f3n Ornamental Mediterr\u00e1neo\"\n\t\t\t><\/iframe>\n\t\t<\/div>\n\t\t\t\t\t\t<\/div>\n\t\t\t\t<\/div>\n\t\t\t\t\t<\/div>\n\t\t<\/div>\n\t\t\t\t<div class=\"elementor-column elementor-col-50 elementor-inner-column elementor-element elementor-element-7706280d\" data-id=\"7706280d\" data-element_type=\"column\" data-e-type=\"column\">\n\t\t\t<div class=\"elementor-widget-wrap elementor-element-populated\">\n\t\t\t\t\t\t<div class=\"elementor-element elementor-element-19f96256 uael-cf7-style-underline uael-cf7-check-yes uael-cf7-button-center uael-cf7-btn-size-xs uael-cf7-input-size-sm uael-cf7-highlight-style-default elementor-widget elementor-widget-uael-cf7-styler\" data-id=\"19f96256\" data-element_type=\"widget\" data-e-type=\"widget\" data-widget_type=\"uael-cf7-styler.default\">\n\t\t\t\t<div class=\"elementor-widget-container\">\n\t\t\t\t\t\t\t\t\t<div class = \"uael-cf7-container\">\n\t\t\t\t\t\t<div class = \"uael-cf7 uael-cf7-style elementor-clickable\">\n\t\t\t\t\t\t\n<div class=\"wpcf7 no-js\" id=\"wpcf7-f634-o1\" lang=\"es-ES\" dir=\"ltr\" data-wpcf7-id=\"634\">\n<div class=\"screen-reader-response\"><p role=\"status\" aria-live=\"polite\" aria-atomic=\"true\"><\/p> <ul><\/ul><\/div>\n<form action=\"\/fr\/wp-json\/wp\/v2\/pages\/7944#wpcf7-f634-o1\" method=\"post\" class=\"wpcf7-form init\" aria-label=\"Formulario de contacto\" novalidate=\"novalidate\" data-status=\"init\">\n<fieldset class=\"hidden-fields-container\"><input type=\"hidden\" name=\"_wpcf7\" value=\"634\" \/><input type=\"hidden\" name=\"_wpcf7_version\" value=\"6.1.5\" \/><input type=\"hidden\" name=\"_wpcf7_locale\" value=\"es_ES\" \/><input type=\"hidden\" name=\"_wpcf7_unit_tag\" value=\"wpcf7-f634-o1\" \/><input type=\"hidden\" name=\"_wpcf7_container_post\" value=\"0\" \/><input type=\"hidden\" name=\"_wpcf7_posted_data_hash\" value=\"\" \/><input type=\"hidden\" name=\"_wpcf7_recaptcha_response\" value=\"\" \/>\n<\/fieldset>\n<p><label><span class=\"wpcf7-form-control-wrap\" data-name=\"your-name\"><input size=\"40\" maxlength=\"400\" class=\"wpcf7-form-control wpcf7-text wpcf7-validates-as-required\" aria-required=\"true\" aria-invalid=\"false\" placeholder=\"Nombre\" value=\"\" type=\"text\" name=\"your-name\" \/><\/span><\/label>\n<\/p>\n<p><label><span class=\"wpcf7-form-control-wrap\" data-name=\"your-email\"><input size=\"40\" maxlength=\"400\" class=\"wpcf7-form-control wpcf7-email wpcf7-validates-as-required wpcf7-text wpcf7-validates-as-email\" aria-required=\"true\" aria-invalid=\"false\" placeholder=\"Email\" value=\"\" type=\"email\" name=\"your-email\" \/><\/span><\/label>\n<\/p>\n<p><label><span class=\"wpcf7-form-control-wrap\" data-name=\"your-message\"><textarea cols=\"40\" rows=\"10\" maxlength=\"2000\" class=\"wpcf7-form-control wpcf7-textarea\" aria-invalid=\"false\" placeholder=\"Mensaje\" name=\"your-message\"><\/textarea><\/span><\/label>\n<\/p>\n<p><label style=\"font-size:0.8em\"><span class=\"wpcf7-form-control-wrap\" data-name=\"acceptance-246\"><span class=\"wpcf7-form-control wpcf7-acceptance optional\"><span class=\"wpcf7-list-item\"><label><input type=\"checkbox\" name=\"acceptance-246\" value=\"1\" aria-invalid=\"false\" \/><span class=\"wpcf7-list-item-label\">Acepto la <a href=\"\/politica-de-proteccion-de-datos\" target=\"_blank\">POL\u00cdTICA DE PROTECCI\u00d3N DE DATOS<\/a><\/span><\/label><\/span><\/span><\/span> <\/label>\n<\/p>\n<p><input class=\"wpcf7-form-control wpcf7-submit has-spinner\" type=\"submit\" value=\"Enviar\" \/>\n<\/p><p style=\"display: none !important;\" class=\"akismet-fields-container\" data-prefix=\"_wpcf7_ak_\"><label>&#916;<textarea name=\"_wpcf7_ak_hp_textarea\" cols=\"45\" rows=\"8\" maxlength=\"100\"><\/textarea><\/label><input type=\"hidden\" id=\"ak_js_1\" name=\"_wpcf7_ak_js\" value=\"69\"\/><script>document.getElementById( \"ak_js_1\" ).setAttribute( \"value\", ( new Date() ).getTime() );<\/script><\/p><div class=\"wpcf7-response-output\" aria-hidden=\"true\"><\/div>\n<\/form>\n<\/div>\n\t\t\t\t\t<\/div>\n\t\t\t\t<\/div>\n\t\t\t\t\t\t\t\t<\/div>\n\t\t\t\t<\/div>\n\t\t\t\t\t<\/div>\n\t\t<\/div>\n\t\t\t\t\t<\/div>\n\t\t<\/section>\n\t\t\t\t\t<\/div>\n\t\t<\/div>\n\t\t\t\t\t<\/div>\n\t\t<\/section>\n\t\t\t\t<\/div>\n\t\t","protected":false},"excerpt":{"rendered":"<p>Previous Next Description Le Ficus carica, commun\u00e9ment appel\u00e9 figuier, est un arbre fruitier appartenant \u00e0 la famille des Moraceae. Originaire de la r\u00e9gion m\u00e9diterran\u00e9enne, la figue est cultiv\u00e9e depuis des si\u00e8cles pour ses fruits comestibles et sa valeur ornementale. Le figuier peut atteindre une hauteur&#8230;<\/p>\n","protected":false},"author":1,"featured_media":6023,"parent":7492,"menu_order":0,"comment_status":"closed","ping_status":"closed","template":"elementor_header_footer","meta":{"footnotes":""},"class_list":["post-7944","page","type-page","status-publish","has-post-thumbnail","hentry"],"yoast_head":"<!-- This site is optimized with the Yoast SEO Premium plugin v19.3 (Yoast SEO v27.2) - https:\/\/yoast.com\/product\/yoast-seo-premium-wordpress\/ -->\n<title>Figuier: P\u00e9pini\u00e8re de (Ficus Carica) et Grossiste - P.O.M.<\/title>\n<meta name=\"description\" content=\"Dans notre p\u00e9pini\u00e8re, nous proposons un large \u00e9ventail de formats et de tailles de figuier (ficus carica) de haute qualit\u00e9.\" \/>\n<meta name=\"robots\" content=\"index, follow, max-snippet:-1, max-image-preview:large, max-video-preview:-1\" \/>\n<link rel=\"canonical\" href=\"https:\/\/www.produccionornamental.com\/fr\/produits-catalogue\/arbres-fruitiers-et-mediterranee\/figuier-ficus-carica\/\" \/>\n<meta property=\"og:locale\" content=\"fr_FR\" \/>\n<meta property=\"og:type\" content=\"article\" \/>\n<meta property=\"og:title\" content=\"Figuier (Ficus Carica)\" \/>\n<meta property=\"og:description\" content=\"Dans notre p\u00e9pini\u00e8re, nous proposons un large \u00e9ventail de formats et de tailles de figuier (ficus carica) de haute qualit\u00e9.\" \/>\n<meta property=\"og:url\" content=\"https:\/\/www.produccionornamental.com\/fr\/produits-catalogue\/arbres-fruitiers-et-mediterranee\/figuier-ficus-carica\/\" \/>\n<meta property=\"og:site_name\" content=\"Producci\u00f3n Ornamental Mediterr\u00e1neo\" \/>\n<meta property=\"article:publisher\" content=\"https:\/\/www.facebook.com\/produccionornamentalmediterraneo\" \/>\n<meta property=\"article:modified_time\" content=\"2024-05-07T06:47:05+00:00\" \/>\n<meta property=\"og:image\" content=\"https:\/\/www.produccionornamental.com\/wp-content\/uploads\/2024\/01\/Ficus-Carica-285-290L-Tronco-70-80cm-1-05-10-2023-VE-1.webp\" \/>\n\t<meta property=\"og:image:width\" content=\"542\" \/>\n\t<meta property=\"og:image:height\" content=\"879\" \/>\n\t<meta property=\"og:image:type\" content=\"image\/webp\" \/>\n<meta name=\"twitter:card\" content=\"summary_large_image\" \/>\n<meta name=\"twitter:site\" content=\"@pomproduccion\" \/>\n<meta name=\"twitter:label1\" content=\"Dur\u00e9e de lecture estim\u00e9e\" \/>\n\t<meta name=\"twitter:data1\" content=\"2 minutes\" \/>\n<script type=\"application\/ld+json\" class=\"yoast-schema-graph\">{\"@context\":\"https:\/\/schema.org\",\"@graph\":[{\"@type\":\"WebPage\",\"@id\":\"https:\/\/www.produccionornamental.com\/fr\/produits-catalogue\/arbres-fruitiers-et-mediterranee\/figuier-ficus-carica\/\",\"url\":\"https:\/\/www.produccionornamental.com\/fr\/produits-catalogue\/arbres-fruitiers-et-mediterranee\/figuier-ficus-carica\/\",\"name\":\"Figuier: P\u00e9pini\u00e8re de (Ficus Carica) et Grossiste - P.O.M.\",\"isPartOf\":{\"@id\":\"https:\/\/www.produccionornamental.com\/fr\/#website\"},\"primaryImageOfPage\":{\"@id\":\"https:\/\/www.produccionornamental.com\/fr\/produits-catalogue\/arbres-fruitiers-et-mediterranee\/figuier-ficus-carica\/#primaryimage\"},\"image\":{\"@id\":\"https:\/\/www.produccionornamental.com\/fr\/produits-catalogue\/arbres-fruitiers-et-mediterranee\/figuier-ficus-carica\/#primaryimage\"},\"thumbnailUrl\":\"https:\/\/www.produccionornamental.com\/wp-content\/uploads\/2024\/01\/Ficus-Carica-285-290L-Tronco-70-80cm-1-05-10-2023-VE-1.webp\",\"datePublished\":\"2024-05-07T06:43:11+00:00\",\"dateModified\":\"2024-05-07T06:47:05+00:00\",\"description\":\"Dans notre p\u00e9pini\u00e8re, nous proposons un large \u00e9ventail de formats et de tailles de figuier (ficus carica) de haute qualit\u00e9.\",\"breadcrumb\":{\"@id\":\"https:\/\/www.produccionornamental.com\/fr\/produits-catalogue\/arbres-fruitiers-et-mediterranee\/figuier-ficus-carica\/#breadcrumb\"},\"inLanguage\":\"fr-FR\",\"potentialAction\":[{\"@type\":\"ReadAction\",\"target\":[\"https:\/\/www.produccionornamental.com\/fr\/produits-catalogue\/arbres-fruitiers-et-mediterranee\/figuier-ficus-carica\/\"]}]},{\"@type\":\"ImageObject\",\"inLanguage\":\"fr-FR\",\"@id\":\"https:\/\/www.produccionornamental.com\/fr\/produits-catalogue\/arbres-fruitiers-et-mediterranee\/figuier-ficus-carica\/#primaryimage\",\"url\":\"https:\/\/www.produccionornamental.com\/wp-content\/uploads\/2024\/01\/Ficus-Carica-285-290L-Tronco-70-80cm-1-05-10-2023-VE-1.webp\",\"contentUrl\":\"https:\/\/www.produccionornamental.com\/wp-content\/uploads\/2024\/01\/Ficus-Carica-285-290L-Tronco-70-80cm-1-05-10-2023-VE-1.webp\",\"width\":542,\"height\":879,\"caption\":\"higuera-ficus-carica\"},{\"@type\":\"BreadcrumbList\",\"@id\":\"https:\/\/www.produccionornamental.com\/fr\/produits-catalogue\/arbres-fruitiers-et-mediterranee\/figuier-ficus-carica\/#breadcrumb\",\"itemListElement\":[{\"@type\":\"ListItem\",\"position\":1,\"name\":\"Portada\",\"item\":\"https:\/\/www.produccionornamental.com\/fr\/\"},{\"@type\":\"ListItem\",\"position\":2,\"name\":\"Produits-Catalogue\",\"item\":\"https:\/\/www.produccionornamental.com\/fr\/produits-catalogue\/\"},{\"@type\":\"ListItem\",\"position\":3,\"name\":\"Fruits et M\u00e9diterran\u00e9e\",\"item\":\"https:\/\/www.produccionornamental.com\/fr\/produits-catalogue\/arbres-fruitiers-et-mediterranee\/\"},{\"@type\":\"ListItem\",\"position\":4,\"name\":\"Figuier (Ficus Carica)\"}]},{\"@type\":\"WebSite\",\"@id\":\"https:\/\/www.produccionornamental.com\/fr\/#website\",\"url\":\"https:\/\/www.produccionornamental.com\/fr\/\",\"name\":\"Producci\u00f3n Ornamental Mediterr\u00e1neo\",\"description\":\"POM es una empresa con sede en Almer\u00eda (Espa\u00f1a) especializada en la producci\u00f3n y comercializaci\u00f3n de plantas ornamentales\",\"publisher\":{\"@id\":\"https:\/\/www.produccionornamental.com\/fr\/#organization\"},\"alternateName\":\"POM\",\"potentialAction\":[{\"@type\":\"SearchAction\",\"target\":{\"@type\":\"EntryPoint\",\"urlTemplate\":\"https:\/\/www.produccionornamental.com\/fr\/?s={search_term_string}\"},\"query-input\":{\"@type\":\"PropertyValueSpecification\",\"valueRequired\":true,\"valueName\":\"search_term_string\"}}],\"inLanguage\":\"fr-FR\"},{\"@type\":\"Organization\",\"@id\":\"https:\/\/www.produccionornamental.com\/fr\/#organization\",\"name\":\"Producci\u00f3n Ornamental Mediterr\u00e1neo\",\"alternateName\":\"POM\",\"url\":\"https:\/\/www.produccionornamental.com\/fr\/\",\"logo\":{\"@type\":\"ImageObject\",\"inLanguage\":\"fr-FR\",\"@id\":\"https:\/\/www.produccionornamental.com\/fr\/#\/schema\/logo\/image\/\",\"url\":\"https:\/\/www.produccionornamental.com\/wp-content\/uploads\/2016\/11\/imago.png\",\"contentUrl\":\"https:\/\/www.produccionornamental.com\/wp-content\/uploads\/2016\/11\/imago.png\",\"width\":100,\"height\":100,\"caption\":\"Producci\u00f3n Ornamental Mediterr\u00e1neo\"},\"image\":{\"@id\":\"https:\/\/www.produccionornamental.com\/fr\/#\/schema\/logo\/image\/\"},\"sameAs\":[\"https:\/\/www.facebook.com\/produccionornamentalmediterraneo\",\"https:\/\/x.com\/pomproduccion\",\"https:\/\/www.linkedin.com\/in\/produccin-ornamental-mediterraneo-31146a155\/\",\"https:\/\/www.youtube.com\/channel\/UCASuatYHCPWxhlOCoBIlgzA\",\"https:\/\/www.instagram.com\/produccion_ornamental_pom\/\"]}]}<\/script>\n<!-- \/ Yoast SEO Premium plugin. -->","yoast_head_json":{"title":"Figuier: P\u00e9pini\u00e8re de (Ficus Carica) et Grossiste - P.O.M.","description":"Dans notre p\u00e9pini\u00e8re, nous proposons un large \u00e9ventail de formats et de tailles de figuier (ficus carica) de haute qualit\u00e9.","robots":{"index":"index","follow":"follow","max-snippet":"max-snippet:-1","max-image-preview":"max-image-preview:large","max-video-preview":"max-video-preview:-1"},"canonical":"https:\/\/www.produccionornamental.com\/fr\/produits-catalogue\/arbres-fruitiers-et-mediterranee\/figuier-ficus-carica\/","og_locale":"fr_FR","og_type":"article","og_title":"Figuier (Ficus Carica)","og_description":"Dans notre p\u00e9pini\u00e8re, nous proposons un large \u00e9ventail de formats et de tailles de figuier (ficus carica) de haute qualit\u00e9.","og_url":"https:\/\/www.produccionornamental.com\/fr\/produits-catalogue\/arbres-fruitiers-et-mediterranee\/figuier-ficus-carica\/","og_site_name":"Producci\u00f3n Ornamental Mediterr\u00e1neo","article_publisher":"https:\/\/www.facebook.com\/produccionornamentalmediterraneo","article_modified_time":"2024-05-07T06:47:05+00:00","og_image":[{"width":542,"height":879,"url":"https:\/\/www.produccionornamental.com\/wp-content\/uploads\/2024\/01\/Ficus-Carica-285-290L-Tronco-70-80cm-1-05-10-2023-VE-1.webp","type":"image\/webp"}],"twitter_card":"summary_large_image","twitter_site":"@pomproduccion","twitter_misc":{"Dur\u00e9e de lecture estim\u00e9e":"2 minutes"},"schema":{"@context":"https:\/\/schema.org","@graph":[{"@type":"WebPage","@id":"https:\/\/www.produccionornamental.com\/fr\/produits-catalogue\/arbres-fruitiers-et-mediterranee\/figuier-ficus-carica\/","url":"https:\/\/www.produccionornamental.com\/fr\/produits-catalogue\/arbres-fruitiers-et-mediterranee\/figuier-ficus-carica\/","name":"Figuier: P\u00e9pini\u00e8re de (Ficus Carica) et Grossiste - P.O.M.","isPartOf":{"@id":"https:\/\/www.produccionornamental.com\/fr\/#website"},"primaryImageOfPage":{"@id":"https:\/\/www.produccionornamental.com\/fr\/produits-catalogue\/arbres-fruitiers-et-mediterranee\/figuier-ficus-carica\/#primaryimage"},"image":{"@id":"https:\/\/www.produccionornamental.com\/fr\/produits-catalogue\/arbres-fruitiers-et-mediterranee\/figuier-ficus-carica\/#primaryimage"},"thumbnailUrl":"https:\/\/www.produccionornamental.com\/wp-content\/uploads\/2024\/01\/Ficus-Carica-285-290L-Tronco-70-80cm-1-05-10-2023-VE-1.webp","datePublished":"2024-05-07T06:43:11+00:00","dateModified":"2024-05-07T06:47:05+00:00","description":"Dans notre p\u00e9pini\u00e8re, nous proposons un large \u00e9ventail de formats et de tailles de figuier (ficus carica) de haute qualit\u00e9.","breadcrumb":{"@id":"https:\/\/www.produccionornamental.com\/fr\/produits-catalogue\/arbres-fruitiers-et-mediterranee\/figuier-ficus-carica\/#breadcrumb"},"inLanguage":"fr-FR","potentialAction":[{"@type":"ReadAction","target":["https:\/\/www.produccionornamental.com\/fr\/produits-catalogue\/arbres-fruitiers-et-mediterranee\/figuier-ficus-carica\/"]}]},{"@type":"ImageObject","inLanguage":"fr-FR","@id":"https:\/\/www.produccionornamental.com\/fr\/produits-catalogue\/arbres-fruitiers-et-mediterranee\/figuier-ficus-carica\/#primaryimage","url":"https:\/\/www.produccionornamental.com\/wp-content\/uploads\/2024\/01\/Ficus-Carica-285-290L-Tronco-70-80cm-1-05-10-2023-VE-1.webp","contentUrl":"https:\/\/www.produccionornamental.com\/wp-content\/uploads\/2024\/01\/Ficus-Carica-285-290L-Tronco-70-80cm-1-05-10-2023-VE-1.webp","width":542,"height":879,"caption":"higuera-ficus-carica"},{"@type":"BreadcrumbList","@id":"https:\/\/www.produccionornamental.com\/fr\/produits-catalogue\/arbres-fruitiers-et-mediterranee\/figuier-ficus-carica\/#breadcrumb","itemListElement":[{"@type":"ListItem","position":1,"name":"Portada","item":"https:\/\/www.produccionornamental.com\/fr\/"},{"@type":"ListItem","position":2,"name":"Produits-Catalogue","item":"https:\/\/www.produccionornamental.com\/fr\/produits-catalogue\/"},{"@type":"ListItem","position":3,"name":"Fruits et M\u00e9diterran\u00e9e","item":"https:\/\/www.produccionornamental.com\/fr\/produits-catalogue\/arbres-fruitiers-et-mediterranee\/"},{"@type":"ListItem","position":4,"name":"Figuier (Ficus Carica)"}]},{"@type":"WebSite","@id":"https:\/\/www.produccionornamental.com\/fr\/#website","url":"https:\/\/www.produccionornamental.com\/fr\/","name":"Producci\u00f3n Ornamental Mediterr\u00e1neo","description":"POM es una empresa con sede en Almer\u00eda (Espa\u00f1a) especializada en la producci\u00f3n y comercializaci\u00f3n de plantas ornamentales","publisher":{"@id":"https:\/\/www.produccionornamental.com\/fr\/#organization"},"alternateName":"POM","potentialAction":[{"@type":"SearchAction","target":{"@type":"EntryPoint","urlTemplate":"https:\/\/www.produccionornamental.com\/fr\/?s={search_term_string}"},"query-input":{"@type":"PropertyValueSpecification","valueRequired":true,"valueName":"search_term_string"}}],"inLanguage":"fr-FR"},{"@type":"Organization","@id":"https:\/\/www.produccionornamental.com\/fr\/#organization","name":"Producci\u00f3n Ornamental Mediterr\u00e1neo","alternateName":"POM","url":"https:\/\/www.produccionornamental.com\/fr\/","logo":{"@type":"ImageObject","inLanguage":"fr-FR","@id":"https:\/\/www.produccionornamental.com\/fr\/#\/schema\/logo\/image\/","url":"https:\/\/www.produccionornamental.com\/wp-content\/uploads\/2016\/11\/imago.png","contentUrl":"https:\/\/www.produccionornamental.com\/wp-content\/uploads\/2016\/11\/imago.png","width":100,"height":100,"caption":"Producci\u00f3n Ornamental Mediterr\u00e1neo"},"image":{"@id":"https:\/\/www.produccionornamental.com\/fr\/#\/schema\/logo\/image\/"},"sameAs":["https:\/\/www.facebook.com\/produccionornamentalmediterraneo","https:\/\/x.com\/pomproduccion","https:\/\/www.linkedin.com\/in\/produccin-ornamental-mediterraneo-31146a155\/","https:\/\/www.youtube.com\/channel\/UCASuatYHCPWxhlOCoBIlgzA","https:\/\/www.instagram.com\/produccion_ornamental_pom\/"]}]}},"_links":{"self":[{"href":"https:\/\/www.produccionornamental.com\/fr\/wp-json\/wp\/v2\/pages\/7944","targetHints":{"allow":["GET"]}}],"collection":[{"href":"https:\/\/www.produccionornamental.com\/fr\/wp-json\/wp\/v2\/pages"}],"about":[{"href":"https:\/\/www.produccionornamental.com\/fr\/wp-json\/wp\/v2\/types\/page"}],"author":[{"embeddable":true,"href":"https:\/\/www.produccionornamental.com\/fr\/wp-json\/wp\/v2\/users\/1"}],"replies":[{"embeddable":true,"href":"https:\/\/www.produccionornamental.com\/fr\/wp-json\/wp\/v2\/comments?post=7944"}],"version-history":[{"count":5,"href":"https:\/\/www.produccionornamental.com\/fr\/wp-json\/wp\/v2\/pages\/7944\/revisions"}],"predecessor-version":[{"id":7952,"href":"https:\/\/www.produccionornamental.com\/fr\/wp-json\/wp\/v2\/pages\/7944\/revisions\/7952"}],"up":[{"embeddable":true,"href":"https:\/\/www.produccionornamental.com\/fr\/wp-json\/wp\/v2\/pages\/7492"}],"wp:featuredmedia":[{"embeddable":true,"href":"https:\/\/www.produccionornamental.com\/fr\/wp-json\/wp\/v2\/media\/6023"}],"wp:attachment":[{"href":"https:\/\/www.produccionornamental.com\/fr\/wp-json\/wp\/v2\/media?parent=7944"}],"curies":[{"name":"wp","href":"https:\/\/api.w.org\/{rel}","templated":true}]}}